{"id":669,"date":"2020-01-27T17:11:15","date_gmt":"2020-01-27T16:11:15","guid":{"rendered":"https:\/\/www.nfs.org.pl\/?page_id=669"},"modified":"2021-03-12T18:20:03","modified_gmt":"2021-03-12T17:20:03","slug":"swiatowy-dzien-snu-2020-co-gdzie-kiedy","status":"publish","type":"page","link":"https:\/\/www.nfs.org.pl\/index.php\/dzialalnosc\/swiatowy-dzien-snu\/swiatowy-dzien-snu-2020-co-gdzie-kiedy\/","title":{"rendered":"\u015awiatowy Dzie\u0144 Snu 2020. Co, gdzie, kiedy"},"content":{"rendered":"<p><strong>W zwi\u0105zku z przypadaj\u0105cym 13.03.2020 r. 13-tym \u015awiatowym Dniem Snu Narodowa Fundacja Snu <\/strong>planuje organizacj\u0119 kr\u00f3tkich zaj\u0119\u0107 edukacyjnych na temat snu na terenie szk\u00f3\u0142 podstawowych i \u015brednich. Niepokoj\u0105cy wzrost problem\u00f3w ze snem u m\u0142odzie\u017cy powoduje, \u017ce pragniemy w tym roku skupi\u0107 si\u0119 specyfice snu u nastolatk\u00f3w,&nbsp; jego roli i prawid\u0142owej higienie.<\/p>\n<p>Zaj\u0119cia b\u0119d\u0105 prowadzone przez wolontariuszy \u2013 uczni\u00f3w lub nauczycieli z tych szk\u00f3\u0142, na podstawie materia\u0142\u00f3w przygotowanych przez Fundacj\u0119. W zwi\u0105zku z tym Fundacja poszukuje wolontariuszy &#8211; licealist\u00f3w, uczni\u00f3w ostatnich klas SP, nauczycieli przyrody, biologii, wychowawc\u00f3w do przeprowadzenia tych spotka\u0144 na podstawie materia\u0142\u00f3w przygotowanych przez NFS. Chcieliby\u015bmy, aby spotkania odby\u0142y si\u0119 w szko\u0142ach w ramach \u015awiatowego Dnia Snu, 13.03.2020 r.<\/p>\n\n\n<p> W zwi\u0105zku z tym zwracamy si\u0119 z gor\u0105c\u0105 pro\u015bb\u0105 do wszystkich os\u00f3b o pomoc i&nbsp;wsparcie dzia\u0142a\u0144 prowadzonych przez wolontariuszy.<\/p>\n\n\n\n<p><a rel=\"noreferrer noopener\" aria-label=\"Pismo z pro\u015bb\u0105 o pomoc w pliku PDF. (otwiera si\u0119 na nowej zak\u0142adce)\" href=\"https:\/\/www.nfs.org.pl\/wp-content\/uploads\/2020\/01\/WSD-2020-wolontariat-Scan.pdf\" target=\"_blank\">Pismo z pro\u015bb\u0105 o pomoc w pliku PDF.<\/a><\/p>\n\n\n\n<p><a href=\"https:\/\/www.nfs.org.pl\/wp-content\/uploads\/2020\/03\/NARODOWA-FUNDACJA-SNU-SEN-NASTOLATKOW-2020.pdf\">Prezentacja dla nastolatk\u00f3w w pliku PDF<\/a><br><a href=\"https:\/\/www.nfs.org.pl\/wp-content\/uploads\/2020\/03\/NARODOWA-FUNDACJA-SNU-SEN-NASTOLATKOW-2020.zip\"> Prezentacja dla nastolatk\u00f3w w pliku PowerPoint PPSX skompresowana<\/a><\/p>\n\n\n\n<p><a href=\"https:\/\/www.nfs.org.pl\/index.php\/swiatowy-dzien-snu-2020\/\">Ca\u0142o\u015b\u0107 informacji o \u015awiatowym Dniu Snu 2020<\/a><\/p>\n\n\n\n<p>Kontakt: nfs (at) nfs.org.pl<\/p>\n","protected":false},"excerpt":{"rendered":"<p>W zwi\u0105zku z przypadaj\u0105cym 13.03.2020 r. 13-tym \u015awiatowym Dniem Snu Narodowa Fundacja Snu planuje organizacj\u0119 kr\u00f3tkich zaj\u0119\u0107 edukacyjnych na temat snu na terenie szk\u00f3\u0142 podstawowych i \u015brednich. Niepokoj\u0105cy wzrost problem\u00f3w ze snem u m\u0142odzie\u017cy powoduje, \u017ce pragniemy w tym roku skupi\u0107 si\u0119 specyfice snu u nastolatk\u00f3w,&nbsp; jego roli i prawid\u0142owej higienie. Zaj\u0119cia b\u0119d\u0105 prowadzone przez &hellip; <\/p>\n<p class=\"link-more\"><a href=\"https:\/\/www.nfs.org.pl\/index.php\/dzialalnosc\/swiatowy-dzien-snu\/swiatowy-dzien-snu-2020-co-gdzie-kiedy\/\" class=\"more-link\">Czytaj dalej<span class=\"screen-reader-text\"> \u201e\u015awiatowy Dzie\u0144 Snu 2020. Co, gdzie, kiedy\u201d<\/span><\/a><\/p>\n","protected":false},"author":1,"featured_media":0,"parent":114,"menu_order":0,"comment_status":"closed","ping_status":"closed","template":"","meta":{"footnotes":""},"class_list":["post-669","page","type-page","status-publish","hentry"],"yoast_head":"<!-- This site is optimized with the Yoast SEO plugin v25.6 - https:\/\/yoast.com\/wordpress\/plugins\/seo\/ -->\n<title>Narodowa Fundacja Snu Sen \u015awiatowy Dzie\u0144 Snu 2020 - Narodowa Fundacja Snu<\/title>\n<meta name=\"description\" content=\"Sen - Aktywno\u015b\u0107 NFS zwi\u0105zana z 13-tym \u015awiatowym Dniem Snu\" \/>\n<meta name=\"robots\" content=\"index, follow, max-snippet:-1, max-image-preview:large, max-video-preview:-1\" \/>\n<link rel=\"canonical\" href=\"https:\/\/www.nfs.org.pl\/index.php\/dzialalnosc\/swiatowy-dzien-snu\/swiatowy-dzien-snu-2020-co-gdzie-kiedy\/\" \/>\n<meta property=\"og:locale\" content=\"pl_PL\" \/>\n<meta property=\"og:type\" content=\"article\" \/>\n<meta property=\"og:title\" content=\"Narodowa Fundacja Snu Sen \u015awiatowy Dzie\u0144 Snu 2020 - Narodowa Fundacja Snu\" \/>\n<meta property=\"og:description\" content=\"Sen - Aktywno\u015b\u0107 NFS zwi\u0105zana z 13-tym \u015awiatowym Dniem Snu\" \/>\n<meta property=\"og:url\" content=\"https:\/\/www.nfs.org.pl\/index.php\/dzialalnosc\/swiatowy-dzien-snu\/swiatowy-dzien-snu-2020-co-gdzie-kiedy\/\" \/>\n<meta property=\"og:site_name\" content=\"Narodowa Fundacja Snu\" \/>\n<meta property=\"article:publisher\" content=\"https:\/\/www.facebook.com\/Narodowa.Fundacja.Snu\/\" \/>\n<meta property=\"article:modified_time\" content=\"2021-03-12T17:20:03+00:00\" \/>\n<meta name=\"twitter:card\" content=\"summary_large_image\" \/>\n<meta name=\"twitter:label1\" content=\"Szacowany czas czytania\" \/>\n\t<meta name=\"twitter:data1\" content=\"1 minuta\" \/>\n<script type=\"application\/ld+json\" class=\"yoast-schema-graph\">{\"@context\":\"https:\/\/schema.org\",\"@graph\":[{\"@type\":\"WebPage\",\"@id\":\"https:\/\/www.nfs.org.pl\/index.php\/dzialalnosc\/swiatowy-dzien-snu\/swiatowy-dzien-snu-2020-co-gdzie-kiedy\/\",\"url\":\"https:\/\/www.nfs.org.pl\/index.php\/dzialalnosc\/swiatowy-dzien-snu\/swiatowy-dzien-snu-2020-co-gdzie-kiedy\/\",\"name\":\"Narodowa Fundacja Snu Sen \u015awiatowy Dzie\u0144 Snu 2020 - Narodowa Fundacja Snu\",\"isPartOf\":{\"@id\":\"https:\/\/www.nfs.org.pl\/#website\"},\"datePublished\":\"2020-01-27T16:11:15+00:00\",\"dateModified\":\"2021-03-12T17:20:03+00:00\",\"description\":\"Sen - Aktywno\u015b\u0107 NFS zwi\u0105zana z 13-tym \u015awiatowym Dniem Snu\",\"breadcrumb\":{\"@id\":\"https:\/\/www.nfs.org.pl\/index.php\/dzialalnosc\/swiatowy-dzien-snu\/swiatowy-dzien-snu-2020-co-gdzie-kiedy\/#breadcrumb\"},\"inLanguage\":\"pl-PL\",\"potentialAction\":[{\"@type\":\"ReadAction\",\"target\":[\"https:\/\/www.nfs.org.pl\/index.php\/dzialalnosc\/swiatowy-dzien-snu\/swiatowy-dzien-snu-2020-co-gdzie-kiedy\/\"]}]},{\"@type\":\"BreadcrumbList\",\"@id\":\"https:\/\/www.nfs.org.pl\/index.php\/dzialalnosc\/swiatowy-dzien-snu\/swiatowy-dzien-snu-2020-co-gdzie-kiedy\/#breadcrumb\",\"itemListElement\":[{\"@type\":\"ListItem\",\"position\":1,\"name\":\"Strona g\u0142\u00f3wna\",\"item\":\"https:\/\/www.nfs.org.pl\/\"},{\"@type\":\"ListItem\",\"position\":2,\"name\":\"Dzia\u0142alno\u015b\u0107\",\"item\":\"https:\/\/www.nfs.org.pl\/index.php\/dzialalnosc\/\"},{\"@type\":\"ListItem\",\"position\":3,\"name\":\"\u015awiatowy Dzie\u0144 Snu\",\"item\":\"https:\/\/www.nfs.org.pl\/index.php\/dzialalnosc\/swiatowy-dzien-snu\/\"},{\"@type\":\"ListItem\",\"position\":4,\"name\":\"\u015awiatowy Dzie\u0144 Snu 2020. Co, gdzie, kiedy\"}]},{\"@type\":\"WebSite\",\"@id\":\"https:\/\/www.nfs.org.pl\/#website\",\"url\":\"https:\/\/www.nfs.org.pl\/\",\"name\":\"Narodowa Fundacja Snu\",\"description\":\"Sen to 1\/3 Twojego \u017cycia. Pami\u0119taj o nim!\",\"publisher\":{\"@id\":\"https:\/\/www.nfs.org.pl\/#organization\"},\"potentialAction\":[{\"@type\":\"SearchAction\",\"target\":{\"@type\":\"EntryPoint\",\"urlTemplate\":\"https:\/\/www.nfs.org.pl\/?s={search_term_string}\"},\"query-input\":{\"@type\":\"PropertyValueSpecification\",\"valueRequired\":true,\"valueName\":\"search_term_string\"}}],\"inLanguage\":\"pl-PL\"},{\"@type\":\"Organization\",\"@id\":\"https:\/\/www.nfs.org.pl\/#organization\",\"name\":\"Narodowa Fundacja Snu\",\"url\":\"https:\/\/www.nfs.org.pl\/\",\"logo\":{\"@type\":\"ImageObject\",\"inLanguage\":\"pl-PL\",\"@id\":\"https:\/\/www.nfs.org.pl\/#\/schema\/logo\/image\/\",\"url\":\"https:\/\/i0.wp.com\/www.nfs.org.pl\/wp-content\/uploads\/2020\/03\/cropped-NFS-logo-big-granat-transparent-v2.png?fit=486%2C250&ssl=1\",\"contentUrl\":\"https:\/\/i0.wp.com\/www.nfs.org.pl\/wp-content\/uploads\/2020\/03\/cropped-NFS-logo-big-granat-transparent-v2.png?fit=486%2C250&ssl=1\",\"width\":486,\"height\":250,\"caption\":\"Narodowa Fundacja Snu\"},\"image\":{\"@id\":\"https:\/\/www.nfs.org.pl\/#\/schema\/logo\/image\/\"},\"sameAs\":[\"https:\/\/www.facebook.com\/Narodowa.Fundacja.Snu\/\"]}]}<\/script>\n<!-- \/ Yoast SEO plugin. -->","yoast_head_json":{"title":"Narodowa Fundacja Snu Sen \u015awiatowy Dzie\u0144 Snu 2020 - Narodowa Fundacja Snu","description":"Sen - Aktywno\u015b\u0107 NFS zwi\u0105zana z 13-tym \u015awiatowym Dniem Snu","robots":{"index":"index","follow":"follow","max-snippet":"max-snippet:-1","max-image-preview":"max-image-preview:large","max-video-preview":"max-video-preview:-1"},"canonical":"https:\/\/www.nfs.org.pl\/index.php\/dzialalnosc\/swiatowy-dzien-snu\/swiatowy-dzien-snu-2020-co-gdzie-kiedy\/","og_locale":"pl_PL","og_type":"article","og_title":"Narodowa Fundacja Snu Sen \u015awiatowy Dzie\u0144 Snu 2020 - Narodowa Fundacja Snu","og_description":"Sen - Aktywno\u015b\u0107 NFS zwi\u0105zana z 13-tym \u015awiatowym Dniem Snu","og_url":"https:\/\/www.nfs.org.pl\/index.php\/dzialalnosc\/swiatowy-dzien-snu\/swiatowy-dzien-snu-2020-co-gdzie-kiedy\/","og_site_name":"Narodowa Fundacja Snu","article_publisher":"https:\/\/www.facebook.com\/Narodowa.Fundacja.Snu\/","article_modified_time":"2021-03-12T17:20:03+00:00","twitter_card":"summary_large_image","twitter_misc":{"Szacowany czas czytania":"1 minuta"},"schema":{"@context":"https:\/\/schema.org","@graph":[{"@type":"WebPage","@id":"https:\/\/www.nfs.org.pl\/index.php\/dzialalnosc\/swiatowy-dzien-snu\/swiatowy-dzien-snu-2020-co-gdzie-kiedy\/","url":"https:\/\/www.nfs.org.pl\/index.php\/dzialalnosc\/swiatowy-dzien-snu\/swiatowy-dzien-snu-2020-co-gdzie-kiedy\/","name":"Narodowa Fundacja Snu Sen \u015awiatowy Dzie\u0144 Snu 2020 - Narodowa Fundacja Snu","isPartOf":{"@id":"https:\/\/www.nfs.org.pl\/#website"},"datePublished":"2020-01-27T16:11:15+00:00","dateModified":"2021-03-12T17:20:03+00:00","description":"Sen - Aktywno\u015b\u0107 NFS zwi\u0105zana z 13-tym \u015awiatowym Dniem Snu","breadcrumb":{"@id":"https:\/\/www.nfs.org.pl\/index.php\/dzialalnosc\/swiatowy-dzien-snu\/swiatowy-dzien-snu-2020-co-gdzie-kiedy\/#breadcrumb"},"inLanguage":"pl-PL","potentialAction":[{"@type":"ReadAction","target":["https:\/\/www.nfs.org.pl\/index.php\/dzialalnosc\/swiatowy-dzien-snu\/swiatowy-dzien-snu-2020-co-gdzie-kiedy\/"]}]},{"@type":"BreadcrumbList","@id":"https:\/\/www.nfs.org.pl\/index.php\/dzialalnosc\/swiatowy-dzien-snu\/swiatowy-dzien-snu-2020-co-gdzie-kiedy\/#breadcrumb","itemListElement":[{"@type":"ListItem","position":1,"name":"Strona g\u0142\u00f3wna","item":"https:\/\/www.nfs.org.pl\/"},{"@type":"ListItem","position":2,"name":"Dzia\u0142alno\u015b\u0107","item":"https:\/\/www.nfs.org.pl\/index.php\/dzialalnosc\/"},{"@type":"ListItem","position":3,"name":"\u015awiatowy Dzie\u0144 Snu","item":"https:\/\/www.nfs.org.pl\/index.php\/dzialalnosc\/swiatowy-dzien-snu\/"},{"@type":"ListItem","position":4,"name":"\u015awiatowy Dzie\u0144 Snu 2020. Co, gdzie, kiedy"}]},{"@type":"WebSite","@id":"https:\/\/www.nfs.org.pl\/#website","url":"https:\/\/www.nfs.org.pl\/","name":"Narodowa Fundacja Snu","description":"Sen to 1\/3 Twojego \u017cycia. Pami\u0119taj o nim!","publisher":{"@id":"https:\/\/www.nfs.org.pl\/#organization"},"potentialAction":[{"@type":"SearchAction","target":{"@type":"EntryPoint","urlTemplate":"https:\/\/www.nfs.org.pl\/?s={search_term_string}"},"query-input":{"@type":"PropertyValueSpecification","valueRequired":true,"valueName":"search_term_string"}}],"inLanguage":"pl-PL"},{"@type":"Organization","@id":"https:\/\/www.nfs.org.pl\/#organization","name":"Narodowa Fundacja Snu","url":"https:\/\/www.nfs.org.pl\/","logo":{"@type":"ImageObject","inLanguage":"pl-PL","@id":"https:\/\/www.nfs.org.pl\/#\/schema\/logo\/image\/","url":"https:\/\/i0.wp.com\/www.nfs.org.pl\/wp-content\/uploads\/2020\/03\/cropped-NFS-logo-big-granat-transparent-v2.png?fit=486%2C250&ssl=1","contentUrl":"https:\/\/i0.wp.com\/www.nfs.org.pl\/wp-content\/uploads\/2020\/03\/cropped-NFS-logo-big-granat-transparent-v2.png?fit=486%2C250&ssl=1","width":486,"height":250,"caption":"Narodowa Fundacja Snu"},"image":{"@id":"https:\/\/www.nfs.org.pl\/#\/schema\/logo\/image\/"},"sameAs":["https:\/\/www.facebook.com\/Narodowa.Fundacja.Snu\/"]}]}},"jetpack_sharing_enabled":true,"_links":{"self":[{"href":"https:\/\/www.nfs.org.pl\/index.php\/wp-json\/wp\/v2\/pages\/669"}],"collection":[{"href":"https:\/\/www.nfs.org.pl\/index.php\/wp-json\/wp\/v2\/pages"}],"about":[{"href":"https:\/\/www.nfs.org.pl\/index.php\/wp-json\/wp\/v2\/types\/page"}],"author":[{"embeddable":true,"href":"https:\/\/www.nfs.org.pl\/index.php\/wp-json\/wp\/v2\/users\/1"}],"replies":[{"embeddable":true,"href":"https:\/\/www.nfs.org.pl\/index.php\/wp-json\/wp\/v2\/comments?post=669"}],"version-history":[{"count":0,"href":"https:\/\/www.nfs.org.pl\/index.php\/wp-json\/wp\/v2\/pages\/669\/revisions"}],"up":[{"embeddable":true,"href":"https:\/\/www.nfs.org.pl\/index.php\/wp-json\/wp\/v2\/pages\/114"}],"wp:attachment":[{"href":"https:\/\/www.nfs.org.pl\/index.php\/wp-json\/wp\/v2\/media?parent=669"}],"curies":[{"name":"wp","href":"https:\/\/api.w.org\/{rel}","templated":true}]}}