{"id":693,"date":"2020-02-04T20:34:13","date_gmt":"2020-02-04T19:34:13","guid":{"rendered":"https:\/\/www.nfs.org.pl\/?page_id=693"},"modified":"2020-05-10T14:28:32","modified_gmt":"2020-05-10T12:28:32","slug":"kurs-cbt-i-30-31-05-2020","status":"publish","type":"page","link":"https:\/\/www.nfs.org.pl\/index.php\/kurs-cbt-i-30-31-05-2020\/","title":{"rendered":"Kurs CBT-I 30-31.05.2020"},"content":{"rendered":"<p><strong>KURS TERAPIA POZNAWCZO-BEHAWIORALNA BEZSENNO\u015aCI<\/strong><\/p>\n<p><strong>Komunikat nr 3 &#8211; KURS W TRYBIE ONLINE<br \/><\/strong><\/p>\n<p>Uprzejmie informujemy, \u017ce dwudniowy kurs podstawowy z terapii poznawczo-behawioralnej bezsenno\u015bci prowadzony pod patronatem Polskiego Towarzystwo Bada\u0144 nad Snem i zaplanowany w dniach 30-31 maja 2020 r. zostanie z powodu stanu pandemii przeprowadzone w formie szkolenia online.<\/p>\n<p>Wszystkie podane w komunikacie nr 1\u00a0 informacj\u0119 pozostaj\u0105 aktualne z wyj\u0105tkiem fizycznej lokalizacji kursu.<\/p>\n<p><strong>Komunikat nr 2 z 24.04.2020 r. &#8211; ODWO\u0141ANIE KURSU<br \/><\/strong><\/p>\n<p>W zwi\u0105zku z rozwojem pandemii COVID-19 i brakiem perspektyw jej zako\u0144czenia w najbli\u017cszym czasie Zarz\u0105d Fundacji podj\u0105\u0142 decyzj\u0119 o <strong>rezygnacji z przeprowadzenia kursu CBT-I w dniach 30-31 maja 2020. Tym samym kurs zostaje odwo\u0142any<\/strong>. W chwili obecnej nie potrafimy okre\u015bli\u0107 \u017cadnego terminu, w kt\u00f3rym ten kurs m\u00f3g\u0142by si\u0119 odby\u0107 w spos\u00f3b bezpieczny w dotychczasowej formule.<br \/>Jednocze\u015bnie rozwa\u017camy prowadzenie tego typu kursu w trybie online przy pomocy narz\u0119dzi do zdalnych prezentacji i nauczania. Osoby zainteresowane tak\u0105 form\u0105 kursu zapraszamy do kontaktu.<\/p>\n<p>\u00a0<\/p>\n<p><strong>Komunikat nr 1 z 02.2020 r.<\/strong><\/p>\n<p><u>Termin<\/u>: 30-31 maj 2020<\/p>\n<p><u>Tematyka kursu<\/u>:<\/p>\n<ul>\n<li>Metody oceny snu<\/li>\n<li>Klasyfikacja zaburze\u0144 snu<\/li>\n<li>Bezsenno\u015b\u0107 \u2013 epidemiologia, patofizjologia, diagnoza<\/li>\n<li>Bezsenno\u015b\u0107 w zaburzeniach psychicznych<\/li>\n<li>Bezsenno\u015b\u0107<\/li>\n<li>Behawioralny model powstawania\u00a0 bezsenno\u015bci (model Spielman\u2019a)<\/li>\n<li>Techniki behawioralne w leczeniu bezsenno\u015bcipraca z dziennikami snu\n<ul>\n<li>praca z dziennikami snu<\/li>\n<li>metoda ograniczenia p\u00f3r snu<\/li>\n<li>trening relaksacyjny<\/li>\n<\/ul>\n<\/li>\n<li>Aktualne standardy leczenia bezsenno\u015bci, miejsce farmako- i psychoterapii<\/li>\n<li>Farmakoterapia bezsenno\u015bci, wp\u0142yw lek\u00f3w na sen<\/li>\n<li>Zasady higieny snu<\/li>\n<li>Poznawcze modele powstawania bezsenno\u015bci<\/li>\n<li>Terapia poznawcza bezsenno\u015bci\n<ul>\n<li>wydobywanie i przeformu\u0142owywanie dysfunkcjonalnych przekona\u0144 zwi\u0105zanych z bezsenno\u015bci\u0105<\/li>\n<li>techniki pracy nad nadmiern\u0105 kontrol\u0105 umys\u0142ow\u0105 w bezsenno\u015bci (l\u0119kiem przed my\u015blami, t\u0142umieniem my\u015bli)<\/li>\n<\/ul>\n<\/li>\n<li>Terapia poznawczo-behawioralna bezsenno\u015bci krok po kroku \u2013 studia przypadk\u00f3w<\/li>\n<li>\u00a0Mo\u017cliwo\u015bci wdra\u017cania CBT-I; CBT-I w Polsce &#8211; dyskusja<\/li>\n<\/ul>\n<p><u>Wyk\u0142adowcy: <\/u><\/p>\n<p>Lekarze i psycholodzy:<br \/>Eksperci Medycyny Snu Polskiego Towarzystwa Bada\u0144 nad Snem<br \/>Pracownicy Poradni Leczenia Zaburze\u0144 Snu, Klinika i Katedra Psychiatrii, Warszawski Uniwersytet Medyczny<br \/>Pracownicy O\u015brodka Medycyny Snu, Instytut Psychiatrii i Neurologii w Warszawie<\/p>\n<p><u>Organizatorzy<\/u>:<\/p>\n<p>Polskie Towarzystwo Bada\u0144 nad Snem\u00a0 <a href=\"http:\/\/www.medycynasnu.pl\" target=\"_blank\" rel=\"noopener noreferrer\">http:\/\/www.medycynasnu.pl<\/a><\/p>\n<p>Instytut Psychiatrii i Neurologii <a href=\"http:\/\/www.ipin.edu.pl\" target=\"_blank\" rel=\"noopener noreferrer\">www.ipin.edu.pl<\/a><\/p>\n<p>Narodowa Fundacja Snu <a href=\"https:\/\/www.nfs.org.pl\" target=\"_blank\" rel=\"noopener noreferrer\">www.nfs.org.pl<\/a><\/p>\n<p><u>Kierownik Kursu<\/u>:<\/p>\n<p>Dr hab. Adam Wichniak, prof. IPIN<\/p>\n<p><u>Miejsce<\/u>: Centrum Kulturalne Ojc\u00f3w Barnabit\u00f3w, ul. Smoluchowskiego 1, 02-679 Warszawa, <a href=\"http:\/\/www.barnabici.pl\" target=\"_blank\" rel=\"noopener noreferrer\">www.barnabici.pl<\/a><\/p>\n<p>Centrum oferuje mo\u017cliwo\u015b\u0107 noclegu\u00a0 &#8211; pok\u00f3j 1-osobowy ze \u015bniadaniem w obni\u017conej dla uczestnik\u00f3w kursu cenie 180 z\u0142, 2-osobowy 280 z\u0142. Pula 10 pokoi dla uczestnik\u00f3w w obni\u017conej cenie mo\u017cliwa jest do zarezerwowania na has\u0142o Polskie Towarzystwo Bada\u0144 nad Snem w terminie do 14 dni przed dat\u0105 szkolenia.<\/p>\n<p>Parking na terenie Centrum jest p\u0142atny dla os\u00f3b nocuj\u0105cych w cenie 30 z\u0142 za samoch\u00f3d os. \/ dob\u0119, dla os\u00f3b bez noclegu w cenie 20 z\u0142 za samoch\u00f3d osobowy \/ dzie\u0144. Przed Centrum znajduje si\u0119 og\u00f3lnodost\u0119pny parking publiczny.<\/p>\n<p><u>Koszt kursu<\/u>:<\/p>\n<p>700 z\u0142<\/p>\n<p>650 z\u0142 \u2013 dla cz\u0142onk\u00f3w Polskiego Towarzystwa Bada\u0144 nad Snem (prosimy o op\u0142acenie sk\u0142adek)<\/p>\n<p>Obejmuje:<\/p>\n<ul>\n<li>Uczestnictwo w kursie<\/li>\n<li>Materia\u0142y szkoleniowe<\/li>\n<li>Posi\u0142ki:\n<ul>\n<li>serwis kawowy ca\u0142odzienny (\u015bwie\u017co parzona kawa z ekspresu, wyb\u00f3r herbat, woda, kruche ciastka)<\/li>\n<li>obiad serwowany (zupa, danie g\u0142\u00f3wne mi\u0119sne lub rybne, dodatki, woda z cytryn\u0105)<\/li>\n<\/ul>\n<\/li>\n<\/ul>\n<p><u>Zapisy:<\/u><\/p>\n<p>Prosimy o przesy\u0142anie wype\u0142nionej <a href=\"https:\/\/www.nfs.org.pl\/wp-content\/uploads\/2020\/02\/Ankieta-zgloszeniowa-Kurs-CBT-I-202005-wzor.pdf\" target=\"_blank\" rel=\"noopener noreferrer\">ankiety zg\u0142oszeniowej<\/a> poczt\u0105 elektroniczn\u0105 na adres nfs (at) nfs.org.pl &#8211; w adresie znak (at) prosz\u0119 zast\u0105pi\u0107 znakiem @.\u00a0 Osoby zakwalifikowane na kurs (decyduje kolejno\u015b\u0107 zg\u0142osze\u0144) zostan\u0105 o tym powiadomione poczt\u0105 elektroniczn\u0105. W mailu poinformujemy r\u00f3wnie\u017c o sposobach dokonania p\u0142atno\u015bci.<\/p>\n<p><a href=\"https:\/\/www.nfs.org.pl\/wp-content\/uploads\/2020\/02\/Kurs-2-dniowy-CBT-I-05-2020.pdf\" target=\"_blank\" rel=\"noopener noreferrer\">Program do pobrania<\/a><\/p>\n<p><u>Zalecana literatura<\/u>:<\/p>\n<p>Avidan AY, Zee PC., red. wyd. pol. Wichniak A. Podr\u0119cznik medycyny snu. Wydawnictwo Medipage. Warszawa 2007.<\/p>\n<p>Baglioni C, Altena E, Bjorvatn B i wsp. The European Academy for Cognitive Behavioural Therapy for Insomnia: An initiative of the European Insomnia Network to promote implementation and dissemination of treatment. J Sleep Res. 2019; doi: 10.1111\/jsr.12967.<\/p>\n<p>Espie CA, Broomfield NM, MacMahon KM, Macphee LM, Taylor LM. The attentionintention-effort pathway in the development of psychophysiologic insomnia: a theoretical review. Sleep Med Rev 2006; 10: 215-245.<\/p>\n<p>Fornal-Paw\u0142owska M, Szelenberger W. Terapia poznawczo-behawioralna w leczeniu bezsenno\u015bci przewlek\u0142ej. Psychiatr Pol 2013; 47(2); 269-79.<\/p>\n<p>Fornal-Paw\u0142owska M, Wo\u0142y\u0144czyk-Gmaj D, Szelenberger W. Walidacja Ate\u0144skiej Skali Bezsenno\u015bci. Psychiatr Pol 2011; 45(2): 211-21.<\/p>\n<p>Fornal-Pawlowska M, Skalski M, Szelenberger W. Badanie predyspozycji do bezsenno\u015bci za pomoc\u0105 skali FIRST. Sen 2007; 2: 104-109.<\/p>\n<p>Harvey AG. A cognitive model of insomnia. Behav Res Ther 2002; 40: 869-993.<\/p>\n<p>Morin CM, Espie CA. Insomnia. A clinical guide to assessment and treatment. Springer. 2004.<\/p>\n<p>Perlis ML, Jungquist C, Smith MT, Posner D. Cognitive Behavioral Treatment of Insomnia. A Session-by-Session Guide.\u00a0 Springer New York 2005.<\/p>\n<p>Riemann D, Baglioni C, Bassetti C i wsp. European guideline for the diagnosis and treatment of insomnia. J Sleep Res. 2017;26(6): 675-700.<\/p>\n<p>Skalski M. Zaburzenia snu w codziennej praktyce. Wydawnictwo Medical Tribune Polska. Warszawa 2012.<\/p>\n<p>Szelenberger W. 2006. Standardy leczenia bezsenno\u015bci Polskiego Towarzystwa Bada\u0144 nad Snem. Sen, 2006;6: (Suppl. A) 1-10.<\/p>\n<p>Walacik-Ufnal E. Zastosowanie terapii poznawczo-behawioralnej w leczeniu bezsenno\u015bci. Psychiatria 2015;12(2 2): 90\u201398.<\/p>\n<p>Wichniak A, Jarema M. Podstawy rozpoznawania i leczenia wybranych zaburze\u0144 snu &#8211; Biblioteka Czasopisma Psychiatria. Wydawnictwo Via Medica. Gda\u0144sk 2018.<\/p>\n\n","protected":false},"excerpt":{"rendered":"<p>KURS TERAPIA POZNAWCZO-BEHAWIORALNA BEZSENNO\u015aCI Komunikat nr 3 &#8211; KURS W TRYBIE ONLINE Uprzejmie informujemy, \u017ce dwudniowy kurs podstawowy z terapii poznawczo-behawioralnej bezsenno\u015bci prowadzony pod patronatem Polskiego Towarzystwo Bada\u0144 nad Snem i zaplanowany w dniach 30-31 maja 2020 r. zostanie z powodu stanu pandemii przeprowadzone w formie szkolenia online. Wszystkie podane w komunikacie nr 1\u00a0 informacj\u0119 &hellip; <\/p>\n<p class=\"link-more\"><a href=\"https:\/\/www.nfs.org.pl\/index.php\/kurs-cbt-i-30-31-05-2020\/\" class=\"more-link\">Czytaj dalej<span class=\"screen-reader-text\"> \u201eKurs CBT-I 30-31.05.2020\u201d<\/span><\/a><\/p>\n","protected":false},"author":1,"featured_media":0,"parent":0,"menu_order":0,"comment_status":"closed","ping_status":"closed","template":"","meta":{"footnotes":""},"class_list":["post-693","page","type-page","status-publish","hentry"],"yoast_head":"<!-- This site is optimized with the Yoast SEO plugin v25.6 - https:\/\/yoast.com\/wordpress\/plugins\/seo\/ -->\n<title>Kurs CBT-I 30-31.05.2020 - Narodowa Fundacja Snu<\/title>\n<meta name=\"robots\" content=\"index, follow, max-snippet:-1, max-image-preview:large, max-video-preview:-1\" \/>\n<link rel=\"canonical\" href=\"https:\/\/www.nfs.org.pl\/index.php\/kurs-cbt-i-30-31-05-2020\/\" \/>\n<meta property=\"og:locale\" content=\"pl_PL\" \/>\n<meta property=\"og:type\" content=\"article\" \/>\n<meta property=\"og:title\" content=\"Kurs CBT-I 30-31.05.2020 - Narodowa Fundacja Snu\" \/>\n<meta property=\"og:description\" content=\"KURS TERAPIA POZNAWCZO-BEHAWIORALNA BEZSENNO\u015aCI Komunikat nr 3 &#8211; KURS W TRYBIE ONLINE Uprzejmie informujemy, \u017ce dwudniowy kurs podstawowy z terapii poznawczo-behawioralnej bezsenno\u015bci prowadzony pod patronatem Polskiego Towarzystwo Bada\u0144 nad Snem i zaplanowany w dniach 30-31 maja 2020 r. zostanie z powodu stanu pandemii przeprowadzone w formie szkolenia online. Wszystkie podane w komunikacie nr 1\u00a0 informacj\u0119 &hellip; Czytaj dalej \u201eKurs CBT-I 30-31.05.2020\u201d\" \/>\n<meta property=\"og:url\" content=\"https:\/\/www.nfs.org.pl\/index.php\/kurs-cbt-i-30-31-05-2020\/\" \/>\n<meta property=\"og:site_name\" content=\"Narodowa Fundacja Snu\" \/>\n<meta property=\"article:publisher\" content=\"https:\/\/www.facebook.com\/Narodowa.Fundacja.Snu\/\" \/>\n<meta property=\"article:modified_time\" content=\"2020-05-10T12:28:32+00:00\" \/>\n<meta name=\"twitter:card\" content=\"summary_large_image\" \/>\n<meta name=\"twitter:label1\" content=\"Szacowany czas czytania\" \/>\n\t<meta name=\"twitter:data1\" content=\"4 minuty\" \/>\n<script type=\"application\/ld+json\" class=\"yoast-schema-graph\">{\"@context\":\"https:\/\/schema.org\",\"@graph\":[{\"@type\":\"WebPage\",\"@id\":\"https:\/\/www.nfs.org.pl\/index.php\/kurs-cbt-i-30-31-05-2020\/\",\"url\":\"https:\/\/www.nfs.org.pl\/index.php\/kurs-cbt-i-30-31-05-2020\/\",\"name\":\"Kurs CBT-I 30-31.05.2020 - Narodowa Fundacja Snu\",\"isPartOf\":{\"@id\":\"https:\/\/www.nfs.org.pl\/#website\"},\"datePublished\":\"2020-02-04T19:34:13+00:00\",\"dateModified\":\"2020-05-10T12:28:32+00:00\",\"breadcrumb\":{\"@id\":\"https:\/\/www.nfs.org.pl\/index.php\/kurs-cbt-i-30-31-05-2020\/#breadcrumb\"},\"inLanguage\":\"pl-PL\",\"potentialAction\":[{\"@type\":\"ReadAction\",\"target\":[\"https:\/\/www.nfs.org.pl\/index.php\/kurs-cbt-i-30-31-05-2020\/\"]}]},{\"@type\":\"BreadcrumbList\",\"@id\":\"https:\/\/www.nfs.org.pl\/index.php\/kurs-cbt-i-30-31-05-2020\/#breadcrumb\",\"itemListElement\":[{\"@type\":\"ListItem\",\"position\":1,\"name\":\"Strona g\u0142\u00f3wna\",\"item\":\"https:\/\/www.nfs.org.pl\/\"},{\"@type\":\"ListItem\",\"position\":2,\"name\":\"Kurs CBT-I 30-31.05.2020\"}]},{\"@type\":\"WebSite\",\"@id\":\"https:\/\/www.nfs.org.pl\/#website\",\"url\":\"https:\/\/www.nfs.org.pl\/\",\"name\":\"Narodowa Fundacja Snu\",\"description\":\"Sen to 1\/3 Twojego \u017cycia. Pami\u0119taj o nim!\",\"publisher\":{\"@id\":\"https:\/\/www.nfs.org.pl\/#organization\"},\"potentialAction\":[{\"@type\":\"SearchAction\",\"target\":{\"@type\":\"EntryPoint\",\"urlTemplate\":\"https:\/\/www.nfs.org.pl\/?s={search_term_string}\"},\"query-input\":{\"@type\":\"PropertyValueSpecification\",\"valueRequired\":true,\"valueName\":\"search_term_string\"}}],\"inLanguage\":\"pl-PL\"},{\"@type\":\"Organization\",\"@id\":\"https:\/\/www.nfs.org.pl\/#organization\",\"name\":\"Narodowa Fundacja Snu\",\"url\":\"https:\/\/www.nfs.org.pl\/\",\"logo\":{\"@type\":\"ImageObject\",\"inLanguage\":\"pl-PL\",\"@id\":\"https:\/\/www.nfs.org.pl\/#\/schema\/logo\/image\/\",\"url\":\"https:\/\/i0.wp.com\/www.nfs.org.pl\/wp-content\/uploads\/2020\/03\/cropped-NFS-logo-big-granat-transparent-v2.png?fit=486%2C250&ssl=1\",\"contentUrl\":\"https:\/\/i0.wp.com\/www.nfs.org.pl\/wp-content\/uploads\/2020\/03\/cropped-NFS-logo-big-granat-transparent-v2.png?fit=486%2C250&ssl=1\",\"width\":486,\"height\":250,\"caption\":\"Narodowa Fundacja Snu\"},\"image\":{\"@id\":\"https:\/\/www.nfs.org.pl\/#\/schema\/logo\/image\/\"},\"sameAs\":[\"https:\/\/www.facebook.com\/Narodowa.Fundacja.Snu\/\"]}]}<\/script>\n<!-- \/ Yoast SEO plugin. -->","yoast_head_json":{"title":"Kurs CBT-I 30-31.05.2020 - Narodowa Fundacja Snu","robots":{"index":"index","follow":"follow","max-snippet":"max-snippet:-1","max-image-preview":"max-image-preview:large","max-video-preview":"max-video-preview:-1"},"canonical":"https:\/\/www.nfs.org.pl\/index.php\/kurs-cbt-i-30-31-05-2020\/","og_locale":"pl_PL","og_type":"article","og_title":"Kurs CBT-I 30-31.05.2020 - Narodowa Fundacja Snu","og_description":"KURS TERAPIA POZNAWCZO-BEHAWIORALNA BEZSENNO\u015aCI Komunikat nr 3 &#8211; KURS W TRYBIE ONLINE Uprzejmie informujemy, \u017ce dwudniowy kurs podstawowy z terapii poznawczo-behawioralnej bezsenno\u015bci prowadzony pod patronatem Polskiego Towarzystwo Bada\u0144 nad Snem i zaplanowany w dniach 30-31 maja 2020 r. zostanie z powodu stanu pandemii przeprowadzone w formie szkolenia online. Wszystkie podane w komunikacie nr 1\u00a0 informacj\u0119 &hellip; Czytaj dalej \u201eKurs CBT-I 30-31.05.2020\u201d","og_url":"https:\/\/www.nfs.org.pl\/index.php\/kurs-cbt-i-30-31-05-2020\/","og_site_name":"Narodowa Fundacja Snu","article_publisher":"https:\/\/www.facebook.com\/Narodowa.Fundacja.Snu\/","article_modified_time":"2020-05-10T12:28:32+00:00","twitter_card":"summary_large_image","twitter_misc":{"Szacowany czas czytania":"4 minuty"},"schema":{"@context":"https:\/\/schema.org","@graph":[{"@type":"WebPage","@id":"https:\/\/www.nfs.org.pl\/index.php\/kurs-cbt-i-30-31-05-2020\/","url":"https:\/\/www.nfs.org.pl\/index.php\/kurs-cbt-i-30-31-05-2020\/","name":"Kurs CBT-I 30-31.05.2020 - Narodowa Fundacja Snu","isPartOf":{"@id":"https:\/\/www.nfs.org.pl\/#website"},"datePublished":"2020-02-04T19:34:13+00:00","dateModified":"2020-05-10T12:28:32+00:00","breadcrumb":{"@id":"https:\/\/www.nfs.org.pl\/index.php\/kurs-cbt-i-30-31-05-2020\/#breadcrumb"},"inLanguage":"pl-PL","potentialAction":[{"@type":"ReadAction","target":["https:\/\/www.nfs.org.pl\/index.php\/kurs-cbt-i-30-31-05-2020\/"]}]},{"@type":"BreadcrumbList","@id":"https:\/\/www.nfs.org.pl\/index.php\/kurs-cbt-i-30-31-05-2020\/#breadcrumb","itemListElement":[{"@type":"ListItem","position":1,"name":"Strona g\u0142\u00f3wna","item":"https:\/\/www.nfs.org.pl\/"},{"@type":"ListItem","position":2,"name":"Kurs CBT-I 30-31.05.2020"}]},{"@type":"WebSite","@id":"https:\/\/www.nfs.org.pl\/#website","url":"https:\/\/www.nfs.org.pl\/","name":"Narodowa Fundacja Snu","description":"Sen to 1\/3 Twojego \u017cycia. Pami\u0119taj o nim!","publisher":{"@id":"https:\/\/www.nfs.org.pl\/#organization"},"potentialAction":[{"@type":"SearchAction","target":{"@type":"EntryPoint","urlTemplate":"https:\/\/www.nfs.org.pl\/?s={search_term_string}"},"query-input":{"@type":"PropertyValueSpecification","valueRequired":true,"valueName":"search_term_string"}}],"inLanguage":"pl-PL"},{"@type":"Organization","@id":"https:\/\/www.nfs.org.pl\/#organization","name":"Narodowa Fundacja Snu","url":"https:\/\/www.nfs.org.pl\/","logo":{"@type":"ImageObject","inLanguage":"pl-PL","@id":"https:\/\/www.nfs.org.pl\/#\/schema\/logo\/image\/","url":"https:\/\/i0.wp.com\/www.nfs.org.pl\/wp-content\/uploads\/2020\/03\/cropped-NFS-logo-big-granat-transparent-v2.png?fit=486%2C250&ssl=1","contentUrl":"https:\/\/i0.wp.com\/www.nfs.org.pl\/wp-content\/uploads\/2020\/03\/cropped-NFS-logo-big-granat-transparent-v2.png?fit=486%2C250&ssl=1","width":486,"height":250,"caption":"Narodowa Fundacja Snu"},"image":{"@id":"https:\/\/www.nfs.org.pl\/#\/schema\/logo\/image\/"},"sameAs":["https:\/\/www.facebook.com\/Narodowa.Fundacja.Snu\/"]}]}},"jetpack_sharing_enabled":true,"_links":{"self":[{"href":"https:\/\/www.nfs.org.pl\/index.php\/wp-json\/wp\/v2\/pages\/693"}],"collection":[{"href":"https:\/\/www.nfs.org.pl\/index.php\/wp-json\/wp\/v2\/pages"}],"about":[{"href":"https:\/\/www.nfs.org.pl\/index.php\/wp-json\/wp\/v2\/types\/page"}],"author":[{"embeddable":true,"href":"https:\/\/www.nfs.org.pl\/index.php\/wp-json\/wp\/v2\/users\/1"}],"replies":[{"embeddable":true,"href":"https:\/\/www.nfs.org.pl\/index.php\/wp-json\/wp\/v2\/comments?post=693"}],"version-history":[{"count":0,"href":"https:\/\/www.nfs.org.pl\/index.php\/wp-json\/wp\/v2\/pages\/693\/revisions"}],"wp:attachment":[{"href":"https:\/\/www.nfs.org.pl\/index.php\/wp-json\/wp\/v2\/media?parent=693"}],"curies":[{"name":"wp","href":"https:\/\/api.w.org\/{rel}","templated":true}]}}